{"id":12464,"date":"2025-03-11T09:28:03","date_gmt":"2025-03-11T08:28:03","guid":{"rendered":"https:\/\/zirkusquartier.ch\/?post_type=indy-event&#038;p=12464"},"modified":"2026-04-17T15:20:32","modified_gmt":"2026-04-17T13:20:32","slug":"work-in-progress-angsthas-or-kampfhas-2","status":"publish","type":"indy-event","link":"https:\/\/zirkusquartier.ch\/en\/events\/work-in-progress-angsthas-or-kampfhas-2\/","title":{"rendered":"Canceled: Work-in-Progress: Circle of Connection"},"content":{"rendered":"\n<div class=\"wp-block-indy-events-innerblock\">\n<p><\/p>\n\n\n\n<figure class=\"wp-block-image size-large is-style-img-fluid\"><img loading=\"lazy\" decoding=\"async\" width=\"1024\" height=\"683\" src=\"https:\/\/zirkusquartier.ch\/wp-content\/uploads\/2025\/03\/web_Naomi-Cyr-Wheel-_exported_63080-Kopie-1024x683.jpg\" alt=\"\" class=\"wp-image-12398\" style=\"object-fit:cover\" srcset=\"https:\/\/zirkusquartier.ch\/wp-content\/uploads\/2025\/03\/web_Naomi-Cyr-Wheel-_exported_63080-Kopie-1024x683.jpg 1024w, https:\/\/zirkusquartier.ch\/wp-content\/uploads\/2025\/03\/web_Naomi-Cyr-Wheel-_exported_63080-Kopie-300x200.jpg 300w, https:\/\/zirkusquartier.ch\/wp-content\/uploads\/2025\/03\/web_Naomi-Cyr-Wheel-_exported_63080-Kopie-768x512.jpg 768w, https:\/\/zirkusquartier.ch\/wp-content\/uploads\/2025\/03\/web_Naomi-Cyr-Wheel-_exported_63080-Kopie-1536x1024.jpg 1536w, https:\/\/zirkusquartier.ch\/wp-content\/uploads\/2025\/03\/web_Naomi-Cyr-Wheel-_exported_63080-Kopie-2048x1365.jpg 2048w, https:\/\/zirkusquartier.ch\/wp-content\/uploads\/2025\/03\/web_Naomi-Cyr-Wheel-_exported_63080-Kopie-380x253.jpg 380w\" sizes=\"auto, (max-width: 1024px) 100vw, 1024px\" \/><\/figure>\n\n\n\n<div style=\"height:20px\" aria-hidden=\"true\" class=\"wp-block-spacer\"><\/div>\n\n\n\n<p><strong>Unfortunately, the work-in-progress cannot take place due to injury.<\/strong><\/p>\n\n\n\n<div style=\"height:20px\" aria-hidden=\"true\" class=\"wp-block-spacer\"><\/div>\n\n\n\n<h5 class=\"wp-block-heading\">Work-in-Progress: Circle of Connection<\/h5>\n\n\n\n<p>Naomi Meyer&#8217;s performance <em>Circle of Connection<\/em> combines cyr wheel, acrobatics and dance. With a mix of playful, whimsical humor and supple, soulful expression, her performance invites you to celebrate life, spontaneity and the beauty of the moment. <\/p>\n\n\n\n<h5 class=\"wp-block-heading\">Naomi Meyer (CH)<\/h5>\n\n\n\n<div class=\"wp-block-columns is-layout-flex wp-container-core-columns-is-layout-9d6595d7 wp-block-columns-is-layout-flex\">\n<div class=\"wp-block-column is-vertically-aligned-top is-layout-flow wp-block-column-is-layout-flow\" style=\"flex-basis:33.33%\">\n<figure class=\"wp-block-image size-full is-resized is-style-img-fluid\"><img loading=\"lazy\" decoding=\"async\" width=\"2048\" height=\"2560\" src=\"https:\/\/zirkusquartier.ch\/wp-content\/uploads\/2024\/01\/Portrait-Naomi-scaled.jpg\" alt=\"\" class=\"wp-image-5225\" style=\"width:279px;height:auto\" srcset=\"https:\/\/zirkusquartier.ch\/wp-content\/uploads\/2024\/01\/Portrait-Naomi-scaled.jpg 2048w, https:\/\/zirkusquartier.ch\/wp-content\/uploads\/2024\/01\/Portrait-Naomi-240x300.jpg 240w, https:\/\/zirkusquartier.ch\/wp-content\/uploads\/2024\/01\/Portrait-Naomi-819x1024.jpg 819w, https:\/\/zirkusquartier.ch\/wp-content\/uploads\/2024\/01\/Portrait-Naomi-768x960.jpg 768w, https:\/\/zirkusquartier.ch\/wp-content\/uploads\/2024\/01\/Portrait-Naomi-1229x1536.jpg 1229w, https:\/\/zirkusquartier.ch\/wp-content\/uploads\/2024\/01\/Portrait-Naomi-1639x2048.jpg 1639w\" sizes=\"auto, (max-width: 2048px) 100vw, 2048px\" \/><\/figure>\n<\/div>\n\n\n\n<div class=\"wp-block-column is-vertically-aligned-top is-layout-flow wp-block-column-is-layout-flow\" style=\"flex-basis:66.66%\">\n<p class=\"has-small-font-size\">Naomi&#8217;s circus journey began with aerial silk courses in Zurich&#8217;s Zirkusquartier, which led to performances at Circus Mugg&#8217;s Winter-Vari\u00e9t\u00e9 and a tour with Zirkus Chnopf. After a year at the INAC circus school in Portugal, she studied vertical rope at the \u00c9cole nationale de cirque in Montr\u00e9al. Due to a hip impingement diagnosis, she ended her studies early, but found a new passion in the Cyr Wheel. Alongside her work as a trainer and her physiotherapy studies, circus remains her source of energy and inspiration.   <\/p>\n<\/div>\n<\/div>\n\n\n\n<h5 class=\"wp-block-heading\">Trailer:<\/h5>\n\n\n\n<figure class=\"wp-block-embed is-type-video is-provider-youtube wp-block-embed-youtube wp-embed-aspect-16-9 wp-has-aspect-ratio\"><div class=\"wp-block-embed__wrapper\">\n<iframe loading=\"lazy\" title=\"Cyr Wheel Trailer\" width=\"500\" height=\"281\" src=\"https:\/\/www.youtube.com\/embed\/0AxSi4bkgBE?feature=oembed\" frameborder=\"0\" allow=\"accelerometer; autoplay; clipboard-write; encrypted-media; gyroscope; picture-in-picture; web-share\" referrerpolicy=\"strict-origin-when-cross-origin\" allowfullscreen><\/iframe>\n<\/div><\/figure>\n\n\n<section id=\"\" class=\"sectionblock \" >\n  <div class=\"section-inner\">\n    <div class=\"container-lg\">\n      \n\n<h5 class=\"wp-block-heading\"><strong>Audience information<\/strong><\/h5>\n\n\n\n<p><strong>Hat collection: <\/strong>The show is based on hat collection. This means that there will be a collection after the show and you decide your ticket price (cash or twint). <\/p>\n\n\n\n<p><strong>Free choice of seats:<\/strong> please arrive 10 minutes in advance.<\/p>\n\n\n\n<p><strong>Wheelchair accessibility: <\/strong>The Zirkusquartier is wheelchair accessible. You can find more information <a href=\"https:\/\/zirkusquartier.ch\/en\/contact-us\/\">here<\/a>.<\/p>\n\n\n\n<p><strong>Age:<\/strong> Please note the age information.<\/p>\n\n\n<section class=\"content--supporter-logos supporter-logos\">\n  <div class=\"row\">\n      <\/div>\n<\/section>\n\n\n    <\/div>\n  <\/div>\n<\/section>\n\n\n\n<h5 class=\"wp-block-heading\"><\/h5>\n<\/div>\n","protected":false},"excerpt":{"rendered":"","protected":false},"author":7,"featured_media":12400,"parent":0,"template":"","meta":{"_acf_changed":false,"location":"","footnotes":""},"category":[37],"level":[],"age_group":[],"class_list":["post-12464","indy-event","type-indy-event","status-publish","has-post-thumbnail","hentry","category-show-en"],"acf":[],"_links":{"self":[{"href":"https:\/\/zirkusquartier.ch\/en\/wp-json\/wp\/v2\/indy-event\/12464","targetHints":{"allow":["GET"]}}],"collection":[{"href":"https:\/\/zirkusquartier.ch\/en\/wp-json\/wp\/v2\/indy-event"}],"about":[{"href":"https:\/\/zirkusquartier.ch\/en\/wp-json\/wp\/v2\/types\/indy-event"}],"author":[{"embeddable":true,"href":"https:\/\/zirkusquartier.ch\/en\/wp-json\/wp\/v2\/users\/7"}],"version-history":[{"count":11,"href":"https:\/\/zirkusquartier.ch\/en\/wp-json\/wp\/v2\/indy-event\/12464\/revisions"}],"predecessor-version":[{"id":24435,"href":"https:\/\/zirkusquartier.ch\/en\/wp-json\/wp\/v2\/indy-event\/12464\/revisions\/24435"}],"wp:featuredmedia":[{"embeddable":true,"href":"https:\/\/zirkusquartier.ch\/en\/wp-json\/wp\/v2\/media\/12400"}],"wp:attachment":[{"href":"https:\/\/zirkusquartier.ch\/en\/wp-json\/wp\/v2\/media?parent=12464"}],"wp:term":[{"taxonomy":"category","embeddable":true,"href":"https:\/\/zirkusquartier.ch\/en\/wp-json\/wp\/v2\/category?post=12464"},{"taxonomy":"level","embeddable":true,"href":"https:\/\/zirkusquartier.ch\/en\/wp-json\/wp\/v2\/level?post=12464"},{"taxonomy":"age_group","embeddable":true,"href":"https:\/\/zirkusquartier.ch\/en\/wp-json\/wp\/v2\/age_group?post=12464"}],"curies":[{"name":"wp","href":"https:\/\/api.w.org\/{rel}","templated":true}]}}